{"id":1605,"date":"2023-11-17T12:28:35","date_gmt":"2023-11-17T11:28:35","guid":{"rendered":"https:\/\/produktpass-teppichboden.de\/wohlbefinden-komfort\/"},"modified":"2023-12-04T11:31:51","modified_gmt":"2023-12-04T10:31:51","slug":"bien-etre-confort","status":"publish","type":"page","link":"https:\/\/gut-prodis.eu\/fr\/bien-etre-confort\/","title":{"rendered":"bien-etre-confort"},"content":{"rendered":"<p>[et_pb_section fb_built=\u00a0\u00bb1&Prime; _builder_version=\u00a0\u00bb4.23.1&Prime; _module_preset=\u00a0\u00bbdefault\u00a0\u00bb background_color=\u00a0\u00bbrgba(10,0,0,0.28)\u00a0\u00bb background_image=\u00a0\u00bbhttps:\/\/produktpass-teppichboden.de\/wp-content\/uploads\/2023\/11\/GUT_Gemeinschaft_umweltfreundlicher_Teppichboeden_ev_header12.jpg\u00a0\u00bb background_position=\u00a0\u00bbbottom_center\u00a0\u00bb background_vertical_offset=\u00a0\u00bb36%\u00a0\u00bb background_blend=\u00a0\u00bbmultiply\u00a0\u00bb height=\u00a0\u00bb32vh\u00a0\u00bb height_tablet=\u00a0\u00bb32vh\u00a0\u00bb height_phone=\u00a0\u00bb36vh\u00a0\u00bb height_last_edited=\u00a0\u00bbon|phone\u00a0\u00bb custom_margin=\u00a0\u00bb0px|0px|0px|0px|false|false\u00a0\u00bb custom_padding=\u00a0\u00bb0px|0px|0px|0px|false|false\u00a0\u00bb locked=\u00a0\u00bboff\u00a0\u00bb global_colors_info=\u00a0\u00bb{}\u00a0\u00bb][et_pb_row column_structure=\u00a0\u00bb1_2,1_2&Prime; _builder_version=\u00a0\u00bb4.23.1&Prime; _module_preset=\u00a0\u00bbdefault\u00a0\u00bb max_width=\u00a0\u00bb100%\u00a0\u00bb min_height=\u00a0\u00bb100%\u00a0\u00bb height=\u00a0\u00bb100%\u00a0\u00bb max_height=\u00a0\u00bb100%\u00a0\u00bb locked=\u00a0\u00bboff\u00a0\u00bb global_colors_info=\u00a0\u00bb{}\u00a0\u00bb][et_pb_column type=\u00a0\u00bb1_2&Prime; _builder_version=\u00a0\u00bb4.22.1&Prime; _module_preset=\u00a0\u00bbdefault\u00a0\u00bb global_colors_info=\u00a0\u00bb{}\u00a0\u00bb][\/et_pb_column][et_pb_column type=\u00a0\u00bb1_2&Prime; _builder_version=\u00a0\u00bb4.22.1&Prime; _module_preset=\u00a0\u00bbdefault\u00a0\u00bb global_colors_info=\u00a0\u00bb{}\u00a0\u00bb][et_pb_text _builder_version=\u00a0\u00bb4.23.1&Prime; _module_preset=\u00a0\u00bbdefault\u00a0\u00bb header_font=\u00a0\u00bb|||on|||||\u00a0\u00bb header_text_color=\u00a0\u00bb#FFFFFF\u00a0\u00bb header_line_height=\u00a0\u00bb1.1em\u00a0\u00bb custom_margin=\u00a0\u00bb10vh||8px||false|false\u00a0\u00bb custom_margin_tablet=\u00a0\u00bb7vh||||false|false\u00a0\u00bb custom_margin_phone=\u00a0\u00bb7vh||||false|false\u00a0\u00bb custom_margin_last_edited=\u00a0\u00bbon|phone\u00a0\u00bb hover_enabled=\u00a0\u00bb0&Prime; global_colors_info=\u00a0\u00bb{}\u00a0\u00bb sticky_enabled=\u00a0\u00bb0&Prime;]<\/p>\n<h1>Bien-\u00eatre et confort<\/h1>\n<p>[\/et_pb_text][et_pb_text _builder_version=\u00a0\u00bb4.23.1&Prime; _module_preset=\u00a0\u00bbdefault\u00a0\u00bb text_font=\u00a0\u00bb|||on|||||\u00a0\u00bb text_text_color=\u00a0\u00bb#FFFFFF\u00a0\u00bb text_font_size=\u00a0\u00bb24px\u00a0\u00bb hover_enabled=\u00a0\u00bb0&Prime; locked=\u00a0\u00bboff\u00a0\u00bb global_colors_info=\u00a0\u00bb{}\u00a0\u00bb sticky_enabled=\u00a0\u00bb0&Prime;]<\/p>\n<p>et rev\u00eatements de sol textiles<\/p>\n<p>[\/et_pb_text][\/et_pb_column][\/et_pb_row][\/et_pb_section][et_pb_section fb_built=\u00a0\u00bb1&Prime; _builder_version=\u00a0\u00bb4.23.1&Prime; _module_preset=\u00a0\u00bbdefault\u00a0\u00bb custom_margin=\u00a0\u00bb||20px||false|false\u00a0\u00bb global_colors_info=\u00a0\u00bb{}\u00a0\u00bb][et_pb_row _builder_version=\u00a0\u00bb4.23.1&Prime; _module_preset=\u00a0\u00bbdefault\u00a0\u00bb custom_padding=\u00a0\u00bb0px||8px|||\u00a0\u00bb global_colors_info=\u00a0\u00bb{}\u00a0\u00bb][et_pb_column type=\u00a0\u00bb4_4&Prime; _builder_version=\u00a0\u00bb4.22.1&Prime; _module_preset=\u00a0\u00bbdefault\u00a0\u00bb global_colors_info=\u00a0\u00bb{}\u00a0\u00bb][et_pb_text _builder_version=\u00a0\u00bb4.23.1&Prime; _module_preset=\u00a0\u00bbdefault\u00a0\u00bb text_line_height=\u00a0\u00bb1.3em\u00a0\u00bb hover_enabled=\u00a0\u00bb0&Prime; global_colors_info=\u00a0\u00bb{}\u00a0\u00bb sticky_enabled=\u00a0\u00bb0&Prime;]<\/p>\n<p>Les int\u00e9rieurs confortables et accueillants dans les bureaux et les lieux de vie imm\u00e9diats jouent un r\u00f4le de plus en plus important dans la vie quotidienne et il a \u00e9t\u00e9 prouv\u00e9 qu&rsquo;ils contribuent \u00e0 l&rsquo;am\u00e9lioration de la qualit\u00e9 de vie elle-m\u00eame.<\/p>\n<p>[\/et_pb_text][\/et_pb_column][\/et_pb_row][et_pb_row _builder_version=\u00a0\u00bb4.23.1&Prime; _module_preset=\u00a0\u00bbdefault\u00a0\u00bb custom_margin=\u00a0\u00bb||0px||false|false\u00a0\u00bb locked=\u00a0\u00bboff\u00a0\u00bb global_colors_info=\u00a0\u00bb{}\u00a0\u00bb][et_pb_column type=\u00a0\u00bb4_4&Prime; _builder_version=\u00a0\u00bb4.23.1&Prime; _module_preset=\u00a0\u00bbdefault\u00a0\u00bb global_colors_info=\u00a0\u00bb{}\u00a0\u00bb][et_pb_text _builder_version=\u00a0\u00bb4.23.1&Prime; _module_preset=\u00a0\u00bbdefault\u00a0\u00bb header_font=\u00a0\u00bb|||on|||||\u00a0\u00bb header_3_font=\u00a0\u00bb|600||on|||||\u00a0\u00bb header_3_text_color=\u00a0\u00bb#23295B\u00a0\u00bb custom_margin=\u00a0\u00bb||0px||false|false\u00a0\u00bb hover_enabled=\u00a0\u00bb0&Prime; locked=\u00a0\u00bboff\u00a0\u00bb global_colors_info=\u00a0\u00bb{}\u00a0\u00bb sticky_enabled=\u00a0\u00bb0&Prime;]<\/p>\n<h3 class=\"sppb-addon-title\">Les rev\u00eatements de sol en textile, une nouvelle dimension du confort en int\u00e9rieur<\/h3>\n<p>[\/et_pb_text][et_pb_text _builder_version=\u00a0\u00bb4.23.1&Prime; _module_preset=\u00a0\u00bbdefault\u00a0\u00bb hover_enabled=\u00a0\u00bb0&Prime; global_colors_info=\u00a0\u00bb{}\u00a0\u00bb sticky_enabled=\u00a0\u00bb0&Prime;]<\/p>\n<p>Bien que la perception individuelle d&rsquo;une chaleur agr\u00e9able et confortable soit tr\u00e8s diff\u00e9rente d&rsquo;une personne \u00e0 l&rsquo;autre, elle est influenc\u00e9e positivement ou n\u00e9gativement par une vari\u00e9t\u00e9 de facteurs (par exemple, par les v\u00eatements, la perte de chaleur par la transpiration, l&rsquo;acclimatation, la couleur de l&rsquo;environnement, l&rsquo;humidit\u00e9 de l&rsquo;air ambiant ou les courants d&rsquo;air).<\/p>\n<p>La meilleure r\u00e9partition possible de la chaleur dans une pi\u00e8ce est cependant toujours d&rsquo;une importance d\u00e9cisive. Les diff\u00e9rences de temp\u00e9rature entre la temp\u00e9rature de l&rsquo;air ambiant et celle des surfaces environnantes de la pi\u00e8ce (comme les plafonds, les murs et les sols) ne devraient pas d\u00e9passer 2\u00b0C \u00e0 3\u00b0C. Les plafonds, murs et sols froids ont tendance \u00e0 provoquer un fort rayonnement de chaleur chez les personnes occupant la pi\u00e8ce, ce qui se manifeste par une sensation de \u00ab\u00a0courant d&rsquo;air\u00a0\u00bb d\u00e9sagr\u00e9able ou directement par des pieds froids.<\/p>\n<p>[\/et_pb_text][\/et_pb_column][\/et_pb_row][et_pb_row column_structure=\u00a0\u00bb1_3,1_3,1_3&Prime; _builder_version=\u00a0\u00bb4.23.1&Prime; _module_preset=\u00a0\u00bbdefault\u00a0\u00bb custom_padding=\u00a0\u00bb||0px|||\u00a0\u00bb locked=\u00a0\u00bboff\u00a0\u00bb global_colors_info=\u00a0\u00bb{}\u00a0\u00bb][et_pb_column type=\u00a0\u00bb1_3&Prime; _builder_version=\u00a0\u00bb4.23.1&Prime; _module_preset=\u00a0\u00bbdefault\u00a0\u00bb global_colors_info=\u00a0\u00bb{}\u00a0\u00bb][et_pb_image src=\u00a0\u00bbhttps:\/\/produktpass-teppichboden.de\/wp-content\/uploads\/2023\/11\/leaflet-comfort-du-08-01-2015-lr-1_07.jpg\u00a0\u00bb title_text=\u00a0\u00bbleaflet-comfort-du-08-01-2015-lr-1_07&Prime; _builder_version=\u00a0\u00bb4.23.1&Prime; _module_preset=\u00a0\u00bbdefault\u00a0\u00bb max_width=\u00a0\u00bb80%\u00a0\u00bb module_alignment=\u00a0\u00bbcenter\u00a0\u00bb global_colors_info=\u00a0\u00bb{}\u00a0\u00bb][\/et_pb_image][\/et_pb_column][et_pb_column type=\u00a0\u00bb1_3&Prime; _builder_version=\u00a0\u00bb4.23.1&Prime; _module_preset=\u00a0\u00bbdefault\u00a0\u00bb global_colors_info=\u00a0\u00bb{}\u00a0\u00bb][et_pb_image src=\u00a0\u00bbhttps:\/\/produktpass-teppichboden.de\/wp-content\/uploads\/2023\/11\/leaflet-comfort-du-08-01-2015-lr-1_03.jpg\u00a0\u00bb title_text=\u00a0\u00bbleaflet-comfort-du-08-01-2015-lr-1_03&Prime; align=\u00a0\u00bbcenter\u00a0\u00bb _builder_version=\u00a0\u00bb4.23.1&Prime; _module_preset=\u00a0\u00bbdefault\u00a0\u00bb max_width=\u00a0\u00bb80%\u00a0\u00bb global_colors_info=\u00a0\u00bb{}\u00a0\u00bb][\/et_pb_image][\/et_pb_column][et_pb_column type=\u00a0\u00bb1_3&Prime; _builder_version=\u00a0\u00bb4.23.1&Prime; _module_preset=\u00a0\u00bbdefault\u00a0\u00bb global_colors_info=\u00a0\u00bb{}\u00a0\u00bb][et_pb_image src=\u00a0\u00bbhttps:\/\/produktpass-teppichboden.de\/wp-content\/uploads\/2023\/11\/leaflet-comfort-du-08-01-2015-lr-1_09.jpg\u00a0\u00bb title_text=\u00a0\u00bbleaflet-comfort-du-08-01-2015-lr-1_09&Prime; align=\u00a0\u00bbcenter\u00a0\u00bb _builder_version=\u00a0\u00bb4.23.1&Prime; _module_preset=\u00a0\u00bbdefault\u00a0\u00bb max_width=\u00a0\u00bb80%\u00a0\u00bb global_colors_info=\u00a0\u00bb{}\u00a0\u00bb][\/et_pb_image][\/et_pb_column][\/et_pb_row][et_pb_row _builder_version=\u00a0\u00bb4.23.1&Prime; _module_preset=\u00a0\u00bbdefault\u00a0\u00bb custom_padding=\u00a0\u00bb65px|||||\u00a0\u00bb global_colors_info=\u00a0\u00bb{}\u00a0\u00bb][et_pb_column type=\u00a0\u00bb4_4&Prime; _builder_version=\u00a0\u00bb4.23.1&Prime; _module_preset=\u00a0\u00bbdefault\u00a0\u00bb global_colors_info=\u00a0\u00bb{}\u00a0\u00bb][et_pb_divider _builder_version=\u00a0\u00bb4.23.1&Prime; _module_preset=\u00a0\u00bbdefault\u00a0\u00bb global_colors_info=\u00a0\u00bb{}\u00a0\u00bb][\/et_pb_divider][\/et_pb_column][\/et_pb_row][et_pb_row _builder_version=\u00a0\u00bb4.23.1&Prime; _module_preset=\u00a0\u00bbdefault\u00a0\u00bb custom_padding=\u00a0\u00bb0px||||false|false\u00a0\u00bb locked=\u00a0\u00bboff\u00a0\u00bb global_colors_info=\u00a0\u00bb{}\u00a0\u00bb][et_pb_column type=\u00a0\u00bb4_4&Prime; _builder_version=\u00a0\u00bb4.23.1&Prime; _module_preset=\u00a0\u00bbdefault\u00a0\u00bb global_colors_info=\u00a0\u00bb{}\u00a0\u00bb][et_pb_text _builder_version=\u00a0\u00bb4.23.1&Prime; _module_preset=\u00a0\u00bbdefault\u00a0\u00bb header_font=\u00a0\u00bb|||on|||||\u00a0\u00bb header_3_font=\u00a0\u00bb|600||on|||||\u00a0\u00bb header_3_text_color=\u00a0\u00bb#23295B\u00a0\u00bb custom_margin=\u00a0\u00bb||0px||false|false\u00a0\u00bb hover_enabled=\u00a0\u00bb0&Prime; locked=\u00a0\u00bboff\u00a0\u00bb global_colors_info=\u00a0\u00bb{}\u00a0\u00bb sticky_enabled=\u00a0\u00bb0&Prime;]<\/p>\n<h3>Les rev\u00eatements de sol textiles contrecarrent le rayonnement thermique<\/h3>\n<p>[\/et_pb_text][et_pb_text _builder_version=\u00a0\u00bb4.23.1&Prime; _module_preset=\u00a0\u00bbdefault\u00a0\u00bb hover_enabled=\u00a0\u00bb0&Prime; global_colors_info=\u00a0\u00bb{}\u00a0\u00bb sticky_enabled=\u00a0\u00bb0&Prime;]<\/p>\n<p>Les rev\u00eatements de sol textiles ont tendance \u00e0 contrer ce rayonnement de chaleur en raison de leur structure et des mat\u00e9riaux inh\u00e9rents \u00e0 leur contenu. La temp\u00e9rature de surface ressentie \u00e0 partir d&rsquo;un rev\u00eatement de sol moquette est consid\u00e9rablement plus \u00e9lev\u00e9e en raison de la r\u00e9duction de cette perte de chaleur, en comparaison avec une pi\u00e8ce dont le rev\u00eatement de sol n&rsquo;est pas textile.<\/p>\n<p>Le rev\u00eatement de sol moquette r\u00e9duit le rayonnement de chaleur gr\u00e2ce \u00e0 sa structure textile et \u00e0 ses caract\u00e9ristiques isolantes, et influence ainsi de mani\u00e8re perceptible la sensation de confort et d&rsquo;intimit\u00e9, contrairement aux pi\u00e8ces sans moquette.<\/p>\n<p>[\/et_pb_text][\/et_pb_column][\/et_pb_row][et_pb_row column_structure=\u00a0\u00bb1_2,1_2&Prime; _builder_version=\u00a0\u00bb4.23.1&Prime; _module_preset=\u00a0\u00bbdefault\u00a0\u00bb custom_padding=\u00a0\u00bb||0px|||\u00a0\u00bb locked=\u00a0\u00bboff\u00a0\u00bb global_colors_info=\u00a0\u00bb{}\u00a0\u00bb][et_pb_column type=\u00a0\u00bb1_2&Prime; _builder_version=\u00a0\u00bb4.23.1&Prime; _module_preset=\u00a0\u00bbdefault\u00a0\u00bb global_colors_info=\u00a0\u00bb{}\u00a0\u00bb][et_pb_image src=\u00a0\u00bbhttps:\/\/produktpass-teppichboden.de\/wp-content\/uploads\/2023\/11\/leaflet-comfort-du-08-01-2015-lr-2_03.jpg\u00a0\u00bb title_text=\u00a0\u00bbleaflet-comfort-du-08-01-2015-lr-2_03&Prime; align=\u00a0\u00bbcenter\u00a0\u00bb _builder_version=\u00a0\u00bb4.23.1&Prime; _module_preset=\u00a0\u00bbdefault\u00a0\u00bb max_width=\u00a0\u00bb80%\u00a0\u00bb global_colors_info=\u00a0\u00bb{}\u00a0\u00bb][\/et_pb_image][\/et_pb_column][et_pb_column type=\u00a0\u00bb1_2&Prime; _builder_version=\u00a0\u00bb4.23.1&Prime; _module_preset=\u00a0\u00bbdefault\u00a0\u00bb global_colors_info=\u00a0\u00bb{}\u00a0\u00bb][et_pb_image src=\u00a0\u00bbhttps:\/\/produktpass-teppichboden.de\/wp-content\/uploads\/2023\/11\/leaflet-comfort-du-08-01-2015-lr-2_06.jpg\u00a0\u00bb title_text=\u00a0\u00bbleaflet-comfort-du-08-01-2015-lr-2_06&Prime; align=\u00a0\u00bbcenter\u00a0\u00bb _builder_version=\u00a0\u00bb4.23.1&Prime; _module_preset=\u00a0\u00bbdefault\u00a0\u00bb max_width=\u00a0\u00bb80%\u00a0\u00bb global_colors_info=\u00a0\u00bb{}\u00a0\u00bb][\/et_pb_image][\/et_pb_column][\/et_pb_row][et_pb_row _builder_version=\u00a0\u00bb4.23.1&Prime; _module_preset=\u00a0\u00bbdefault\u00a0\u00bb custom_padding=\u00a0\u00bb65px|||||\u00a0\u00bb global_colors_info=\u00a0\u00bb{}\u00a0\u00bb][et_pb_column type=\u00a0\u00bb4_4&Prime; _builder_version=\u00a0\u00bb4.23.1&Prime; _module_preset=\u00a0\u00bbdefault\u00a0\u00bb global_colors_info=\u00a0\u00bb{}\u00a0\u00bb][et_pb_divider _builder_version=\u00a0\u00bb4.23.1&Prime; _module_preset=\u00a0\u00bbdefault\u00a0\u00bb global_colors_info=\u00a0\u00bb{}\u00a0\u00bb][\/et_pb_divider][\/et_pb_column][\/et_pb_row][et_pb_row column_structure=\u00a0\u00bb2_3,1_3&Prime; _builder_version=\u00a0\u00bb4.23.1&Prime; _module_preset=\u00a0\u00bbdefault\u00a0\u00bb custom_padding=\u00a0\u00bb0px||0px||false|false\u00a0\u00bb locked=\u00a0\u00bboff\u00a0\u00bb global_colors_info=\u00a0\u00bb{}\u00a0\u00bb][et_pb_column type=\u00a0\u00bb2_3&Prime; _builder_version=\u00a0\u00bb4.23.1&Prime; _module_preset=\u00a0\u00bbdefault\u00a0\u00bb global_colors_info=\u00a0\u00bb{}\u00a0\u00bb][et_pb_text _builder_version=\u00a0\u00bb4.23.1&Prime; _module_preset=\u00a0\u00bbdefault\u00a0\u00bb header_font=\u00a0\u00bb|||on|||||\u00a0\u00bb header_3_font=\u00a0\u00bb|600||on|||||\u00a0\u00bb header_3_text_color=\u00a0\u00bb#23295B\u00a0\u00bb custom_margin=\u00a0\u00bb||0px||false|false\u00a0\u00bb hover_enabled=\u00a0\u00bb0&Prime; locked=\u00a0\u00bboff\u00a0\u00bb global_colors_info=\u00a0\u00bb{}\u00a0\u00bb sticky_enabled=\u00a0\u00bb0&Prime;]<\/p>\n<h3>La moquette am\u00e9liore la perception du confort<\/h3>\n<p>[\/et_pb_text][et_pb_text _builder_version=\u00a0\u00bb4.23.1&Prime; _module_preset=\u00a0\u00bbdefault\u00a0\u00bb hover_enabled=\u00a0\u00bb0&Prime; global_colors_info=\u00a0\u00bb{}\u00a0\u00bb sticky_enabled=\u00a0\u00bb0&Prime;]<\/p>\n<p>Les moquettes am\u00e9liorent la perception physiologique et psychologique de l&rsquo;intimit\u00e9 et du confort. Dans une pi\u00e8ce \u00e9quip\u00e9e de rev\u00eatements de sol moquette, les occupants se sentent \u00e0 l&rsquo;aise m\u00eame lorsque la temp\u00e9rature ambiante de la pi\u00e8ce est inf\u00e9rieure de 1\u00b0C \u00e0 2\u00b0C \u00e0 celle des pi\u00e8ces sans moquette.<\/p>\n<p>La temp\u00e9rature ambiante optimale d\u00e9pend largement de l&rsquo;utilisation de la pi\u00e8ce et des activit\u00e9s qui s&rsquo;y d\u00e9roulent.<\/p>\n<p>Pour les personnes assises et v\u00eatues de v\u00eatements l\u00e9gers, la temp\u00e9rature ambiante de la pi\u00e8ce ne devrait pas \u00eatre inf\u00e9rieure \u00e0 20\u00b0C et ne devrait pas d\u00e9passer 22\u00b0C.<\/p>\n<p>En cas d&rsquo;activit\u00e9 corporelle ou lorsque les personnes portent des v\u00eatements bien isol\u00e9s, la temp\u00e9rature ambiante de la pi\u00e8ce peut \u00eatre r\u00e9duite de mani\u00e8re appropri\u00e9e.<\/p>\n<p>La physique du b\u00e2timent identifie une plage clairement d\u00e9finie dans laquelle les \u00eatres humains se sentent le plus \u00e0 l&rsquo;aise dans des pi\u00e8ces ferm\u00e9es &#8211; la \u00ab\u00a0plage de confort optimale\u00a0\u00bb (voir illustration).<\/p>\n<p>Cette \u00ab\u00a0plage de confort optimale\u00a0\u00bb est d\u00e9finie par le rapport entre les temp\u00e9ratures ambiantes optimales d\u00e9j\u00e0 mentionn\u00e9es et la temp\u00e9rature des surfaces environnantes.<\/p>\n<p>[\/et_pb_text][\/et_pb_column][et_pb_column type=\u00a0\u00bb1_3&Prime; _builder_version=\u00a0\u00bb4.23.1&Prime; _module_preset=\u00a0\u00bbdefault\u00a0\u00bb global_colors_info=\u00a0\u00bb{}\u00a0\u00bb][et_pb_image src=\u00a0\u00bbhttps:\/\/produktpass-teppichboden.de\/wp-content\/uploads\/2023\/11\/leaflet-comfort-du-08-01-2015-lr-2_08.jpg\u00a0\u00bb title_text=\u00a0\u00bbleaflet-comfort-du-08-01-2015-lr-2_08&Prime; show_in_lightbox=\u00a0\u00bbon\u00a0\u00bb align=\u00a0\u00bbcenter\u00a0\u00bb _builder_version=\u00a0\u00bb4.23.1&Prime; _module_preset=\u00a0\u00bbdefault\u00a0\u00bb max_width=\u00a0\u00bb80%\u00a0\u00bb global_colors_info=\u00a0\u00bb{}\u00a0\u00bb][\/et_pb_image][\/et_pb_column][\/et_pb_row][et_pb_row _builder_version=\u00a0\u00bb4.23.1&Prime; _module_preset=\u00a0\u00bbdefault\u00a0\u00bb custom_padding=\u00a0\u00bb65px|||||\u00a0\u00bb global_colors_info=\u00a0\u00bb{}\u00a0\u00bb][et_pb_column type=\u00a0\u00bb4_4&Prime; _builder_version=\u00a0\u00bb4.23.1&Prime; _module_preset=\u00a0\u00bbdefault\u00a0\u00bb global_colors_info=\u00a0\u00bb{}\u00a0\u00bb][et_pb_divider _builder_version=\u00a0\u00bb4.23.1&Prime; _module_preset=\u00a0\u00bbdefault\u00a0\u00bb global_colors_info=\u00a0\u00bb{}\u00a0\u00bb][\/et_pb_divider][\/et_pb_column][\/et_pb_row][et_pb_row _builder_version=\u00a0\u00bb4.23.1&Prime; _module_preset=\u00a0\u00bbdefault\u00a0\u00bb custom_padding=\u00a0\u00bb0px||55px||false|false\u00a0\u00bb global_colors_info=\u00a0\u00bb{}\u00a0\u00bb][et_pb_column type=\u00a0\u00bb4_4&Prime; _builder_version=\u00a0\u00bb4.23.1&Prime; _module_preset=\u00a0\u00bbdefault\u00a0\u00bb global_colors_info=\u00a0\u00bb{}\u00a0\u00bb][et_pb_text _builder_version=\u00a0\u00bb4.23.1&Prime; _module_preset=\u00a0\u00bbdefault\u00a0\u00bb header_font=\u00a0\u00bb|||on|||||\u00a0\u00bb header_3_font=\u00a0\u00bb|600||on|||||\u00a0\u00bb header_3_text_color=\u00a0\u00bb#23295B\u00a0\u00bb custom_margin=\u00a0\u00bb||0px||false|false\u00a0\u00bb hover_enabled=\u00a0\u00bb0&Prime; locked=\u00a0\u00bboff\u00a0\u00bb global_colors_info=\u00a0\u00bb{}\u00a0\u00bb sticky_enabled=\u00a0\u00bb0&Prime;]<\/p>\n<h3>T\u00e9l\u00e9charger la fiche<br \/>d&rsquo;information : Bien-\u00eatre et confort avec les rev\u00eatements de sol textiles<\/h3>\n<p>[\/et_pb_text][et_pb_text _builder_version=\u00a0\u00bb4.23.1&Prime; _module_preset=\u00a0\u00bbdefault\u00a0\u00bb hover_enabled=\u00a0\u00bb0&Prime; global_colors_info=\u00a0\u00bb{}\u00a0\u00bb sticky_enabled=\u00a0\u00bb0&Prime;]<\/p>\n<p>T\u00e9l\u00e9chargez notre fiche d&rsquo;information sur ce sujet en format PDF ici.<\/p>\n<p>[\/et_pb_text][et_pb_button button_url=\u00a0\u00bbhttps:\/\/produktpass-teppichboden.de\/wp-content\/uploads\/2023\/11\/komfortwohlbefinden_mit_teppichboeden_gut_gemeinschaft_-umweltfreundlicher_-teppichboden_de.pdf\u00a0\u00bb url_new_window=\u00a0\u00bbon\u00a0\u00bb button_text=\u00a0\u00bbHier downloaden\u00a0\u00bb button_alignment=\u00a0\u00bbcenter\u00a0\u00bb _builder_version=\u00a0\u00bb4.23.1&Prime; _module_preset=\u00a0\u00bbdefault\u00a0\u00bb custom_button=\u00a0\u00bbon\u00a0\u00bb button_text_size=\u00a0\u00bb18px\u00a0\u00bb button_text_color=\u00a0\u00bb#FFFFFF\u00a0\u00bb button_bg_color=\u00a0\u00bb#3FA535&Prime; button_border_width=\u00a0\u00bb0px\u00a0\u00bb button_border_color=\u00a0\u00bbRGBA(255,255,255,0)\u00a0\u00bb button_border_radius=\u00a0\u00bb10px\u00a0\u00bb button_font=\u00a0\u00bb|||on|||||\u00a0\u00bb button_use_icon=\u00a0\u00bboff\u00a0\u00bb custom_margin=\u00a0\u00bb13px|||||\u00a0\u00bb global_colors_info=\u00a0\u00bb{}\u00a0\u00bb][\/et_pb_button][\/et_pb_column][\/et_pb_row][\/et_pb_section]<\/p>\n","protected":false},"excerpt":{"rendered":"<p>Bien-\u00eatre et confortet rev\u00eatements de sol textilesLes int\u00e9rieurs confortables et accueillants dans les bureaux et les lieux de vie imm\u00e9diats jouent un r\u00f4le de plus en plus important dans la vie quotidienne et il a \u00e9t\u00e9 prouv\u00e9 qu&rsquo;ils contribuent \u00e0 l&rsquo;am\u00e9lioration de la qualit\u00e9 de vie elle-m\u00eame.Les rev\u00eatements de sol en textile, une nouvelle dimension [&hellip;]<\/p>\n","protected":false},"author":2,"featured_media":0,"parent":0,"menu_order":0,"comment_status":"closed","ping_status":"closed","template":"","meta":{"_et_pb_use_builder":"on","_et_pb_old_content":"","_et_gb_content_width":"","footnotes":""},"dipi_cpt_category":[],"class_list":["post-1605","page","type-page","status-publish","hentry"],"yoast_head":"<!-- This site is optimized with the Yoast SEO plugin v27.4 - https:\/\/yoast.com\/product\/yoast-seo-wordpress\/ -->\n<title>bien-etre-confort - Gemeinschaft umweltfreundlicher Teppichboden e.V. (GUT)<\/title>\n<meta name=\"robots\" content=\"index, follow, max-snippet:-1, max-image-preview:large, max-video-preview:-1\" \/>\n<link rel=\"canonical\" href=\"https:\/\/gut-prodis.eu\/fr\/bien-etre-confort\/\" \/>\n<meta property=\"og:locale\" content=\"fr_FR\" \/>\n<meta property=\"og:type\" content=\"article\" \/>\n<meta property=\"og:title\" content=\"bien-etre-confort - Gemeinschaft umweltfreundlicher Teppichboden e.V. (GUT)\" \/>\n<meta property=\"og:description\" content=\"Bien-\u00eatre et confortet rev\u00eatements de sol textilesLes int\u00e9rieurs confortables et accueillants dans les bureaux et les lieux de vie imm\u00e9diats jouent un r\u00f4le de plus en plus important dans la vie quotidienne et il a \u00e9t\u00e9 prouv\u00e9 qu&#039;ils contribuent \u00e0 l&#039;am\u00e9lioration de la qualit\u00e9 de vie elle-m\u00eame.Les rev\u00eatements de sol en textile, une nouvelle dimension [&hellip;]\" \/>\n<meta property=\"og:url\" content=\"https:\/\/gut-prodis.eu\/fr\/bien-etre-confort\/\" \/>\n<meta property=\"og:site_name\" content=\"Gemeinschaft umweltfreundlicher Teppichboden e.V. (GUT)\" \/>\n<meta property=\"article:modified_time\" content=\"2023-12-04T10:31:51+00:00\" \/>\n<meta name=\"twitter:label1\" content=\"Dur\u00e9e de lecture estim\u00e9e\" \/>\n\t<meta name=\"twitter:data1\" content=\"9 minutes\" \/>\n<script type=\"application\/ld+json\" class=\"yoast-schema-graph\">{\"@context\":\"https:\\\/\\\/schema.org\",\"@graph\":[{\"@type\":\"WebPage\",\"@id\":\"https:\\\/\\\/gut-prodis.eu\\\/fr\\\/bien-etre-confort\\\/\",\"url\":\"https:\\\/\\\/gut-prodis.eu\\\/fr\\\/bien-etre-confort\\\/\",\"name\":\"bien-etre-confort - Gemeinschaft umweltfreundlicher Teppichboden e.V. (GUT)\",\"isPartOf\":{\"@id\":\"https:\\\/\\\/gut-prodis.eu\\\/fr\\\/#website\"},\"datePublished\":\"2023-11-17T11:28:35+00:00\",\"dateModified\":\"2023-12-04T10:31:51+00:00\",\"breadcrumb\":{\"@id\":\"https:\\\/\\\/gut-prodis.eu\\\/fr\\\/bien-etre-confort\\\/#breadcrumb\"},\"inLanguage\":\"fr-FR\",\"potentialAction\":[{\"@type\":\"ReadAction\",\"target\":[\"https:\\\/\\\/gut-prodis.eu\\\/fr\\\/bien-etre-confort\\\/\"]}]},{\"@type\":\"BreadcrumbList\",\"@id\":\"https:\\\/\\\/gut-prodis.eu\\\/fr\\\/bien-etre-confort\\\/#breadcrumb\",\"itemListElement\":[{\"@type\":\"ListItem\",\"position\":1,\"name\":\"Startseite\",\"item\":\"https:\\\/\\\/gut-prodis.eu\\\/fr\\\/\"},{\"@type\":\"ListItem\",\"position\":2,\"name\":\"bien-etre-confort\"}]},{\"@type\":\"WebSite\",\"@id\":\"https:\\\/\\\/gut-prodis.eu\\\/fr\\\/#website\",\"url\":\"https:\\\/\\\/gut-prodis.eu\\\/fr\\\/\",\"name\":\"Gemeinschaft umweltfreundlicher Teppichboden e.V. (GUT)\",\"description\":\"\",\"publisher\":{\"@id\":\"https:\\\/\\\/gut-prodis.eu\\\/fr\\\/#organization\"},\"potentialAction\":[{\"@type\":\"SearchAction\",\"target\":{\"@type\":\"EntryPoint\",\"urlTemplate\":\"https:\\\/\\\/gut-prodis.eu\\\/fr\\\/?s={search_term_string}\"},\"query-input\":{\"@type\":\"PropertyValueSpecification\",\"valueRequired\":true,\"valueName\":\"search_term_string\"}}],\"inLanguage\":\"fr-FR\"},{\"@type\":\"Organization\",\"@id\":\"https:\\\/\\\/gut-prodis.eu\\\/fr\\\/#organization\",\"name\":\"Gemeinschaft umweltfreundlicher Teppichboden e.V. (GUT)\",\"url\":\"https:\\\/\\\/gut-prodis.eu\\\/fr\\\/\",\"logo\":{\"@type\":\"ImageObject\",\"inLanguage\":\"fr-FR\",\"@id\":\"https:\\\/\\\/gut-prodis.eu\\\/fr\\\/#\\\/schema\\\/logo\\\/image\\\/\",\"url\":\"https:\\\/\\\/gut-prodis.eu\\\/wp-content\\\/uploads\\\/2023\\\/10\\\/gut-teppichboden-logo.svg\",\"contentUrl\":\"https:\\\/\\\/gut-prodis.eu\\\/wp-content\\\/uploads\\\/2023\\\/10\\\/gut-teppichboden-logo.svg\",\"width\":1,\"height\":1,\"caption\":\"Gemeinschaft umweltfreundlicher Teppichboden e.V. (GUT)\"},\"image\":{\"@id\":\"https:\\\/\\\/gut-prodis.eu\\\/fr\\\/#\\\/schema\\\/logo\\\/image\\\/\"},\"sameAs\":[\"https:\\\/\\\/www.linkedin.com\\\/company\\\/gut-ev\\\/\"]}]}<\/script>\n<!-- \/ Yoast SEO plugin. -->","yoast_head_json":{"title":"bien-etre-confort - Gemeinschaft umweltfreundlicher Teppichboden e.V. (GUT)","robots":{"index":"index","follow":"follow","max-snippet":"max-snippet:-1","max-image-preview":"max-image-preview:large","max-video-preview":"max-video-preview:-1"},"canonical":"https:\/\/gut-prodis.eu\/fr\/bien-etre-confort\/","og_locale":"fr_FR","og_type":"article","og_title":"bien-etre-confort - Gemeinschaft umweltfreundlicher Teppichboden e.V. (GUT)","og_description":"Bien-\u00eatre et confortet rev\u00eatements de sol textilesLes int\u00e9rieurs confortables et accueillants dans les bureaux et les lieux de vie imm\u00e9diats jouent un r\u00f4le de plus en plus important dans la vie quotidienne et il a \u00e9t\u00e9 prouv\u00e9 qu'ils contribuent \u00e0 l'am\u00e9lioration de la qualit\u00e9 de vie elle-m\u00eame.Les rev\u00eatements de sol en textile, une nouvelle dimension [&hellip;]","og_url":"https:\/\/gut-prodis.eu\/fr\/bien-etre-confort\/","og_site_name":"Gemeinschaft umweltfreundlicher Teppichboden e.V. (GUT)","article_modified_time":"2023-12-04T10:31:51+00:00","twitter_misc":{"Dur\u00e9e de lecture estim\u00e9e":"9 minutes"},"schema":{"@context":"https:\/\/schema.org","@graph":[{"@type":"WebPage","@id":"https:\/\/gut-prodis.eu\/fr\/bien-etre-confort\/","url":"https:\/\/gut-prodis.eu\/fr\/bien-etre-confort\/","name":"bien-etre-confort - Gemeinschaft umweltfreundlicher Teppichboden e.V. (GUT)","isPartOf":{"@id":"https:\/\/gut-prodis.eu\/fr\/#website"},"datePublished":"2023-11-17T11:28:35+00:00","dateModified":"2023-12-04T10:31:51+00:00","breadcrumb":{"@id":"https:\/\/gut-prodis.eu\/fr\/bien-etre-confort\/#breadcrumb"},"inLanguage":"fr-FR","potentialAction":[{"@type":"ReadAction","target":["https:\/\/gut-prodis.eu\/fr\/bien-etre-confort\/"]}]},{"@type":"BreadcrumbList","@id":"https:\/\/gut-prodis.eu\/fr\/bien-etre-confort\/#breadcrumb","itemListElement":[{"@type":"ListItem","position":1,"name":"Startseite","item":"https:\/\/gut-prodis.eu\/fr\/"},{"@type":"ListItem","position":2,"name":"bien-etre-confort"}]},{"@type":"WebSite","@id":"https:\/\/gut-prodis.eu\/fr\/#website","url":"https:\/\/gut-prodis.eu\/fr\/","name":"Gemeinschaft umweltfreundlicher Teppichboden e.V. (GUT)","description":"","publisher":{"@id":"https:\/\/gut-prodis.eu\/fr\/#organization"},"potentialAction":[{"@type":"SearchAction","target":{"@type":"EntryPoint","urlTemplate":"https:\/\/gut-prodis.eu\/fr\/?s={search_term_string}"},"query-input":{"@type":"PropertyValueSpecification","valueRequired":true,"valueName":"search_term_string"}}],"inLanguage":"fr-FR"},{"@type":"Organization","@id":"https:\/\/gut-prodis.eu\/fr\/#organization","name":"Gemeinschaft umweltfreundlicher Teppichboden e.V. (GUT)","url":"https:\/\/gut-prodis.eu\/fr\/","logo":{"@type":"ImageObject","inLanguage":"fr-FR","@id":"https:\/\/gut-prodis.eu\/fr\/#\/schema\/logo\/image\/","url":"https:\/\/gut-prodis.eu\/wp-content\/uploads\/2023\/10\/gut-teppichboden-logo.svg","contentUrl":"https:\/\/gut-prodis.eu\/wp-content\/uploads\/2023\/10\/gut-teppichboden-logo.svg","width":1,"height":1,"caption":"Gemeinschaft umweltfreundlicher Teppichboden e.V. (GUT)"},"image":{"@id":"https:\/\/gut-prodis.eu\/fr\/#\/schema\/logo\/image\/"},"sameAs":["https:\/\/www.linkedin.com\/company\/gut-ev\/"]}]}},"_links":{"self":[{"href":"https:\/\/gut-prodis.eu\/fr\/wp-json\/wp\/v2\/pages\/1605","targetHints":{"allow":["GET"]}}],"collection":[{"href":"https:\/\/gut-prodis.eu\/fr\/wp-json\/wp\/v2\/pages"}],"about":[{"href":"https:\/\/gut-prodis.eu\/fr\/wp-json\/wp\/v2\/types\/page"}],"author":[{"embeddable":true,"href":"https:\/\/gut-prodis.eu\/fr\/wp-json\/wp\/v2\/users\/2"}],"replies":[{"embeddable":true,"href":"https:\/\/gut-prodis.eu\/fr\/wp-json\/wp\/v2\/comments?post=1605"}],"version-history":[{"count":2,"href":"https:\/\/gut-prodis.eu\/fr\/wp-json\/wp\/v2\/pages\/1605\/revisions"}],"predecessor-version":[{"id":1616,"href":"https:\/\/gut-prodis.eu\/fr\/wp-json\/wp\/v2\/pages\/1605\/revisions\/1616"}],"wp:attachment":[{"href":"https:\/\/gut-prodis.eu\/fr\/wp-json\/wp\/v2\/media?parent=1605"}],"wp:term":[{"taxonomy":"dipi_cpt_category","embeddable":true,"href":"https:\/\/gut-prodis.eu\/fr\/wp-json\/wp\/v2\/dipi_cpt_category?post=1605"}],"curies":[{"name":"wp","href":"https:\/\/api.w.org\/{rel}","templated":true}]}}